{"id":59,"date":"2022-06-01T16:17:23","date_gmt":"2022-06-01T14:17:23","guid":{"rendered":"https:\/\/rallumerlefeu.com\/?page_id=59"},"modified":"2022-10-14T09:55:05","modified_gmt":"2022-10-14T07:55:05","slug":"presse","status":"publish","type":"page","link":"https:\/\/rallumerlefeu.com\/?page_id=59","title":{"rendered":"Presse"},"content":{"rendered":"<p>[et_pb_section fb_built=\u00a0\u00bb1&Prime; custom_padding_last_edited=\u00a0\u00bbon|tablet\u00a0\u00bb admin_label=\u00a0\u00bbHeader\u00a0\u00bb _builder_version=\u00a0\u00bb4.18.0&Prime; _module_preset=\u00a0\u00bbdefault\u00a0\u00bb background_color=\u00a0\u00bb#1C1C1B\u00a0\u00bb use_background_color_gradient=\u00a0\u00bbon\u00a0\u00bb background_color_gradient_stops=\u00a0\u00bb#f21c00 0%|#f19059 100%\u00a0\u00bb background_image=\u00a0\u00bbhttps:\/\/rallumerlefeu.com\/wp-content\/uploads\/2022\/10\/header_presse.jpg\u00a0\u00bb parallax=\u00a0\u00bboff\u00a0\u00bb background_blend=\u00a0\u00bbluminosity\u00a0\u00bb min_height=\u00a0\u00bb70vh\u00a0\u00bb custom_padding=\u00a0\u00bb12%||12%||true|false\u00a0\u00bb custom_padding_tablet=\u00a0\u00bb22%||22%||true|false\u00a0\u00bb custom_padding_phone=\u00a0\u00bb42%||42%||true|false\u00a0\u00bb hover_enabled=\u00a0\u00bb0&Prime; locked=\u00a0\u00bboff\u00a0\u00bb global_colors_info=\u00a0\u00bb{}\u00a0\u00bb title_text=\u00a0\u00bbheader_presse\u00a0\u00bb sticky_enabled=\u00a0\u00bb0&Prime;][et_pb_row _builder_version=\u00a0\u00bb4.17.4&Prime; _module_preset=\u00a0\u00bbdefault\u00a0\u00bb width=\u00a0\u00bb100%\u00a0\u00bb max_width=\u00a0\u00bbnone\u00a0\u00bb custom_padding=\u00a0\u00bb0px||0px||true|\u00a0\u00bb locked=\u00a0\u00bboff\u00a0\u00bb global_colors_info=\u00a0\u00bb{}\u00a0\u00bb][et_pb_column type=\u00a0\u00bb4_4&Prime; _builder_version=\u00a0\u00bb4.16&Prime; _module_preset=\u00a0\u00bbdefault\u00a0\u00bb global_colors_info=\u00a0\u00bb{}\u00a0\u00bb][et_pb_text _builder_version=\u00a0\u00bb4.17.4&Prime; _module_preset=\u00a0\u00bbdefault\u00a0\u00bb text_font=\u00a0\u00bb|700||on|||||\u00a0\u00bb text_text_color=\u00a0\u00bbrgba(255,255,255,0.6)\u00a0\u00bb text_font_size=\u00a0\u00bb9vw\u00a0\u00bb text_letter_spacing=\u00a0\u00bb0.3em\u00a0\u00bb header_font=\u00a0\u00bb||||||||\u00a0\u00bb header_text_color=\u00a0\u00bb#5A7262&Prime; header_2_font=\u00a0\u00bb|800||on|||||\u00a0\u00bb header_2_text_align=\u00a0\u00bbcenter\u00a0\u00bb header_2_text_color=\u00a0\u00bb#ffffff\u00a0\u00bb header_2_font_size=\u00a0\u00bb9vw\u00a0\u00bb header_2_letter_spacing=\u00a0\u00bb0.3em\u00a0\u00bb background_color=\u00a0\u00bbRGBA(255,255,255,0)\u00a0\u00bb transform_scale_tablet=\u00a0\u00bb\u00a0\u00bb transform_scale_phone=\u00a0\u00bb\u00a0\u00bb transform_scale_last_edited=\u00a0\u00bbon|desktop\u00a0\u00bb transform_translate_tablet=\u00a0\u00bb\u00a0\u00bb transform_translate_phone=\u00a0\u00bb0em|0px\u00a0\u00bb transform_translate_last_edited=\u00a0\u00bbon|desktop\u00a0\u00bb transform_translate_linked=\u00a0\u00bboff\u00a0\u00bb transform_rotate_tablet=\u00a0\u00bb\u00a0\u00bb transform_rotate_phone=\u00a0\u00bb\u00a0\u00bb transform_rotate_last_edited=\u00a0\u00bbon|desktop\u00a0\u00bb transform_skew_tablet=\u00a0\u00bb\u00a0\u00bb transform_skew_phone=\u00a0\u00bb\u00a0\u00bb transform_skew_last_edited=\u00a0\u00bbon|desktop\u00a0\u00bb transform_origin_tablet=\u00a0\u00bb\u00a0\u00bb transform_origin_phone=\u00a0\u00bb\u00a0\u00bb transform_origin_last_edited=\u00a0\u00bbon|desktop\u00a0\u00bb transform_styles_last_edited=\u00a0\u00bbon|desktop\u00a0\u00bb text_orientation=\u00a0\u00bbcenter\u00a0\u00bb background_layout=\u00a0\u00bbdark\u00a0\u00bb module_alignment=\u00a0\u00bbcenter\u00a0\u00bb filter_brightness=\u00a0\u00bb103%\u00a0\u00bb header_2_font_size_tablet=\u00a0\u00bb\u00a0\u00bb header_2_font_size_phone=\u00a0\u00bb\u00a0\u00bb header_2_font_size_last_edited=\u00a0\u00bbon|phone\u00a0\u00bb transform_styles_tablet=\u00a0\u00bb\u00a0\u00bb transform_styles_phone=\u00a0\u00bb\u00a0\u00bb text_text_align=\u00a0\u00bbcenter\u00a0\u00bb global_colors_info=\u00a0\u00bb{}\u00a0\u00bb]<\/p>\n<p>apparitions<\/p>\n<p>[\/et_pb_text][et_pb_text _builder_version=\u00a0\u00bb4.17.4&Prime; _module_preset=\u00a0\u00bbdefault\u00a0\u00bb text_font=\u00a0\u00bbFjalla One|||on|||||\u00a0\u00bb text_letter_spacing=\u00a0\u00bb8px\u00a0\u00bb header_font=\u00a0\u00bbRoboto|800||on|||||\u00a0\u00bb header_font_size=\u00a0\u00bb6vw\u00a0\u00bb header_letter_spacing=\u00a0\u00bb0.2em\u00a0\u00bb header_line_height=\u00a0\u00bb1.1em\u00a0\u00bb text_orientation=\u00a0\u00bbcenter\u00a0\u00bb background_layout=\u00a0\u00bbdark\u00a0\u00bb custom_margin=\u00a0\u00bb-3vw|||||\u00a0\u00bb header_font_size_tablet=\u00a0\u00bb\u00a0\u00bb header_font_size_phone=\u00a0\u00bb36px\u00a0\u00bb header_font_size_last_edited=\u00a0\u00bbon|phone\u00a0\u00bb header_letter_spacing_tablet=\u00a0\u00bb\u00a0\u00bb header_letter_spacing_phone=\u00a0\u00bb0em\u00a0\u00bb header_letter_spacing_last_edited=\u00a0\u00bbon|desktop\u00a0\u00bb header_text_shadow_style=\u00a0\u00bbpreset3&Prime; header_text_shadow_vertical_length=\u00a0\u00bb-0.03em\u00a0\u00bb header_text_shadow_blur_strength=\u00a0\u00bb0.15em\u00a0\u00bb text_text_align=\u00a0\u00bbcenter\u00a0\u00bb global_colors_info=\u00a0\u00bb{}\u00a0\u00bb]<\/p>\n<h1>presse<\/h1>\n<h3>Rallumer le feu<\/h3>\n<p>&nbsp;<\/p>\n<p>[\/et_pb_text][\/et_pb_column][\/et_pb_row][\/et_pb_section][et_pb_section fb_built=\u00a0\u00bb1&Prime; admin_label=\u00a0\u00bbpresse\u00a0\u00bb _builder_version=\u00a0\u00bb4.16&Prime; _module_preset=\u00a0\u00bbdefault\u00a0\u00bb custom_padding=\u00a0\u00bb51px|||||\u00a0\u00bb global_colors_info=\u00a0\u00bb{}\u00a0\u00bb][et_pb_row _builder_version=\u00a0\u00bb4.17.4&Prime; _module_preset=\u00a0\u00bbdefault\u00a0\u00bb global_colors_info=\u00a0\u00bb{}\u00a0\u00bb][et_pb_column type=\u00a0\u00bb4_4&Prime; _builder_version=\u00a0\u00bb4.17.4&Prime; _module_preset=\u00a0\u00bbdefault\u00a0\u00bb global_colors_info=\u00a0\u00bb{}\u00a0\u00bb][et_pb_text admin_label=\u00a0\u00bbUn show\u00a0\u00bb _builder_version=\u00a0\u00bb4.17.4&Prime; _module_preset=\u00a0\u00bbdefault\u00a0\u00bb text_font=\u00a0\u00bb||||||||\u00a0\u00bb text_font_size=\u00a0\u00bb16px\u00a0\u00bb text_line_height=\u00a0\u00bb1.8em\u00a0\u00bb header_font=\u00a0\u00bb||||||||\u00a0\u00bb header_2_font=\u00a0\u00bbFjalla One|||on|||||\u00a0\u00bb header_2_font_size=\u00a0\u00bb80px\u00a0\u00bb header_2_line_height=\u00a0\u00bb1.2em\u00a0\u00bb text_orientation=\u00a0\u00bbcenter\u00a0\u00bb width_tablet=\u00a0\u00bb600px\u00a0\u00bb width_phone=\u00a0\u00bb400px\u00a0\u00bb width_last_edited=\u00a0\u00bboff|phone\u00a0\u00bb max_width=\u00a0\u00bb100%\u00a0\u00bb module_alignment=\u00a0\u00bbcenter\u00a0\u00bb header_2_font_size_tablet=\u00a0\u00bb50px\u00a0\u00bb header_2_font_size_phone=\u00a0\u00bb40px\u00a0\u00bb header_2_font_size_last_edited=\u00a0\u00bbon|phone\u00a0\u00bb text_text_align=\u00a0\u00bbcenter\u00a0\u00bb locked=\u00a0\u00bboff\u00a0\u00bb global_colors_info=\u00a0\u00bb{}\u00a0\u00bb]<\/p>\n<h2>Ils parlent de nous<\/h2>\n<p>[\/et_pb_text][\/et_pb_column][\/et_pb_row][et_pb_row column_structure=\u00a0\u00bb1_3,1_3,1_3&Prime; _builder_version=\u00a0\u00bb4.17.4&Prime; _module_preset=\u00a0\u00bbdefault\u00a0\u00bb width=\u00a0\u00bb70%\u00a0\u00bb max_width=\u00a0\u00bb100%\u00a0\u00bb global_colors_info=\u00a0\u00bb{}\u00a0\u00bb][et_pb_column type=\u00a0\u00bb1_3&Prime; _builder_version=\u00a0\u00bb4.17.4&Prime; _module_preset=\u00a0\u00bbdefault\u00a0\u00bb global_colors_info=\u00a0\u00bb{}\u00a0\u00bb][et_pb_image src=\u00a0\u00bbhttps:\/\/rallumerlefeu.com\/wp-content\/uploads\/2022\/10\/laprovence-1.jpg\u00a0\u00bb title_text=\u00a0\u00bblaprovence\u00a0\u00bb url=\u00a0\u00bbhttps:\/\/www.laprovence.com\/\u00a0\u00bb _builder_version=\u00a0\u00bb4.18.0&Prime; _module_preset=\u00a0\u00bbdefault\u00a0\u00bb hover_enabled=\u00a0\u00bb0&Prime; global_colors_info=\u00a0\u00bb{}\u00a0\u00bb sticky_enabled=\u00a0\u00bb0&Prime;][\/et_pb_image][et_pb_testimonial company_name=\u00a0\u00bbLa provence\u00a0\u00bb portrait_width=\u00a0\u00bb200px\u00a0\u00bb portrait_height=\u00a0\u00bb48px\u00a0\u00bb _builder_version=\u00a0\u00bb4.18.0&Prime; _module_preset=\u00a0\u00bbdefault\u00a0\u00bb company_font=\u00a0\u00bb|700||on|||||\u00a0\u00bb background_color=\u00a0\u00bb#f9f9f9&Prime; border_radii_portrait=\u00a0\u00bbon|0px|0px|0px|0px\u00a0\u00bb global_colors_info=\u00a0\u00bb{}\u00a0\u00bb]<\/p>\n<p>Foire de Marseille Parc Chanot 2021<\/p>\n<p>6000 spectateurs pour une soir\u00e9e de gala inoubliable<\/p>\n<p>[\/et_pb_testimonial][\/et_pb_column][et_pb_column type=\u00a0\u00bb1_3&Prime; _builder_version=\u00a0\u00bb4.17.4&Prime; _module_preset=\u00a0\u00bbdefault\u00a0\u00bb global_colors_info=\u00a0\u00bb{}\u00a0\u00bb][et_pb_image src=\u00a0\u00bbhttps:\/\/rallumerlefeu.com\/wp-content\/uploads\/2022\/10\/laprovence-1.jpg\u00a0\u00bb title_text=\u00a0\u00bblaprovence\u00a0\u00bb url=\u00a0\u00bbhttps:\/\/www.laprovence.com\/\u00a0\u00bb _builder_version=\u00a0\u00bb4.18.0&Prime; _module_preset=\u00a0\u00bbdefault\u00a0\u00bb max_width=\u00a0\u00bb100%\u00a0\u00bb hover_enabled=\u00a0\u00bb0&Prime; global_colors_info=\u00a0\u00bb{}\u00a0\u00bb sticky_enabled=\u00a0\u00bb0&Prime;][\/et_pb_image][et_pb_testimonial company_name=\u00a0\u00bbLa provence\u00a0\u00bb portrait_width=\u00a0\u00bb200px\u00a0\u00bb portrait_height=\u00a0\u00bb48px\u00a0\u00bb _builder_version=\u00a0\u00bb4.17.4&Prime; _module_preset=\u00a0\u00bbdefault\u00a0\u00bb company_font=\u00a0\u00bb|700||on|||||\u00a0\u00bb background_color=\u00a0\u00bb#f9f9f9&Prime; border_radii_portrait=\u00a0\u00bbon|0px|0px|0px|0px\u00a0\u00bb global_colors_info=\u00a0\u00bb{}\u00a0\u00bb]<\/p>\n<p>75 ans de la ville de PLAN DE CUQUES 13 &#8211; Le public f\u00fbt surpris de l\u2019extr\u00eame qualit\u00e9 de la prestation de ce groupe, \u00e0 refaire.<\/p>\n<p>[\/et_pb_testimonial][\/et_pb_column][et_pb_column type=\u00a0\u00bb1_3&Prime; _builder_version=\u00a0\u00bb4.17.4&Prime; _module_preset=\u00a0\u00bbdefault\u00a0\u00bb global_colors_info=\u00a0\u00bb{}\u00a0\u00bb][et_pb_image src=\u00a0\u00bbhttps:\/\/rallumerlefeu.com\/wp-content\/uploads\/2022\/10\/journalverts-1.png\u00a0\u00bb title_text=\u00a0\u00bbjournalverts\u00a0\u00bb align_tablet=\u00a0\u00bbcenter\u00a0\u00bb align_phone=\u00a0\u00bbcenter\u00a0\u00bb align_last_edited=\u00a0\u00bbon|tablet\u00a0\u00bb _builder_version=\u00a0\u00bb4.18.0&Prime; _module_preset=\u00a0\u00bbdefault\u00a0\u00bb width=\u00a0\u00bb100%\u00a0\u00bb max_width=\u00a0\u00bb62%\u00a0\u00bb module_alignment=\u00a0\u00bbcenter\u00a0\u00bb hover_enabled=\u00a0\u00bb0&Prime; global_colors_info=\u00a0\u00bb{}\u00a0\u00bb align=\u00a0\u00bbcenter\u00a0\u00bb sticky_enabled=\u00a0\u00bb0&Prime;][\/et_pb_image][et_pb_testimonial company_name=\u00a0\u00bbLe journal des verts \u00a0\u00bb portrait_width=\u00a0\u00bb200px\u00a0\u00bb portrait_height=\u00a0\u00bb48px\u00a0\u00bb _builder_version=\u00a0\u00bb4.17.4&Prime; _module_preset=\u00a0\u00bbdefault\u00a0\u00bb company_font=\u00a0\u00bb|700||on|||||\u00a0\u00bb background_color=\u00a0\u00bb#f9f9f9&Prime; border_radii_portrait=\u00a0\u00bbon|0px|0px|0px|0px\u00a0\u00bb global_colors_info=\u00a0\u00bb{}\u00a0\u00bb]<\/p>\n<p>AVRIL 2014 \/ Un Johnny plus vrai que nature, incarn\u00e9 par le tr\u00e8s bon Rallumer le feu, un sacr\u00e9s bon moment \u00e0 passer<\/p>\n<p>[\/et_pb_testimonial][\/et_pb_column][\/et_pb_row][et_pb_row column_structure=\u00a0\u00bb1_3,1_3,1_3&Prime; _builder_version=\u00a0\u00bb4.17.4&Prime; _module_preset=\u00a0\u00bbdefault\u00a0\u00bb width=\u00a0\u00bb70%\u00a0\u00bb max_width=\u00a0\u00bb100%\u00a0\u00bb global_colors_info=\u00a0\u00bb{}\u00a0\u00bb][et_pb_column type=\u00a0\u00bb1_3&Prime; _builder_version=\u00a0\u00bb4.17.4&Prime; _module_preset=\u00a0\u00bbdefault\u00a0\u00bb global_colors_info=\u00a0\u00bb{}\u00a0\u00bb][et_pb_image src=\u00a0\u00bbhttps:\/\/rallumerlefeu.com\/wp-content\/uploads\/2022\/10\/AS_Saint-Etienne_logo-1.png\u00a0\u00bb title_text=\u00a0\u00bbAS_Saint-\u00c9tienne_logo\u00a0\u00bb url=\u00a0\u00bbhttps:\/\/www.asse.fr\/\u00a0\u00bb _builder_version=\u00a0\u00bb4.18.0&Prime; _module_preset=\u00a0\u00bbdefault\u00a0\u00bb max_width=\u00a0\u00bb36%\u00a0\u00bb module_alignment=\u00a0\u00bbcenter\u00a0\u00bb custom_margin=\u00a0\u00bb-40px||||false|false\u00a0\u00bb custom_padding=\u00a0\u00bb0px||0px||true|false\u00a0\u00bb hover_enabled=\u00a0\u00bb0&Prime; global_colors_info=\u00a0\u00bb{}\u00a0\u00bb sticky_enabled=\u00a0\u00bb0&Prime;][\/et_pb_image][et_pb_testimonial company_name=\u00a0\u00bbMR ROLAND ROMEYER PR\u00c9SIDENT DE A.S.S.E ST ETIENNE\u00a0\u00bb portrait_width=\u00a0\u00bb200px\u00a0\u00bb portrait_height=\u00a0\u00bb48px\u00a0\u00bb _builder_version=\u00a0\u00bb4.17.4&Prime; _module_preset=\u00a0\u00bbdefault\u00a0\u00bb company_font=\u00a0\u00bb|700||on|||||\u00a0\u00bb background_color=\u00a0\u00bb#f9f9f9&Prime; border_radii_portrait=\u00a0\u00bbon|0px|0px|0px|0px\u00a0\u00bb global_colors_info=\u00a0\u00bb{}\u00a0\u00bb]<\/p>\n<p>Prestation remarquable !\u00a0\u00a0\u00a0\u00a0\u00a0\u00a0\u00a0\u00a0\u00a0\u00a0\u00a0\u00a0\u00a0\u00a0 Encore Bravo !<\/p>\n<p>[\/et_pb_testimonial][\/et_pb_column][et_pb_column type=\u00a0\u00bb1_3&Prime; _builder_version=\u00a0\u00bb4.17.4&Prime; _module_preset=\u00a0\u00bbdefault\u00a0\u00bb global_colors_info=\u00a0\u00bb{}\u00a0\u00bb][et_pb_image src=\u00a0\u00bbhttps:\/\/rallumerlefeu.com\/wp-content\/uploads\/2022\/10\/avinews-1.png\u00a0\u00bb title_text=\u00a0\u00bbavinews\u00a0\u00bb _builder_version=\u00a0\u00bb4.18.0&Prime; _module_preset=\u00a0\u00bbdefault\u00a0\u00bb max_width=\u00a0\u00bb38%\u00a0\u00bb module_alignment=\u00a0\u00bbcenter\u00a0\u00bb hover_enabled=\u00a0\u00bb0&Prime; global_colors_info=\u00a0\u00bb{}\u00a0\u00bb sticky_enabled=\u00a0\u00bb0&Prime;][\/et_pb_image][et_pb_testimonial company_name=\u00a0\u00bbAvi-news tv\u00a0\u00bb portrait_width=\u00a0\u00bb200px\u00a0\u00bb portrait_height=\u00a0\u00bb48px\u00a0\u00bb _builder_version=\u00a0\u00bb4.17.4&Prime; _module_preset=\u00a0\u00bbdefault\u00a0\u00bb company_font=\u00a0\u00bb|700||on|||||\u00a0\u00bb background_color=\u00a0\u00bb#f9f9f9&Prime; border_radii_portrait=\u00a0\u00bbon|0px|0px|0px|0px\u00a0\u00bb global_colors_info=\u00a0\u00bb{}\u00a0\u00bb]<\/p>\n<p>(Reportage TV Sophie Moulin du 3 Avril 2015). Nous pensions avoir affaire \u00e0 un \u00e9ni\u00e8me sosie de Johnny, mais quelle ne fut pas notre surprise en d\u00e9couvrant ce groupe de musiciens professionnels, pr\u00e9cis, o\u00f9 rien n\u2019est laiss\u00e9 au hasard et un Rallumer le feu captivant dans le r\u00f4le de leader. Vraiment \u00e0 d\u00e9couvrir sans retenue !<\/p>\n<p>[\/et_pb_testimonial][\/et_pb_column][et_pb_column type=\u00a0\u00bb1_3&Prime; _builder_version=\u00a0\u00bb4.17.4&Prime; _module_preset=\u00a0\u00bbdefault\u00a0\u00bb global_colors_info=\u00a0\u00bb{}\u00a0\u00bb][et_pb_image src=\u00a0\u00bbhttps:\/\/rallumerlefeu.com\/wp-content\/uploads\/2022\/10\/toyota-1.png\u00a0\u00bb title_text=\u00a0\u00bbtoyota\u00a0\u00bb align=\u00a0\u00bbcenter\u00a0\u00bb _builder_version=\u00a0\u00bb4.18.0&Prime; _module_preset=\u00a0\u00bbdefault\u00a0\u00bb max_width=\u00a0\u00bb48%\u00a0\u00bb module_alignment=\u00a0\u00bbcenter\u00a0\u00bb custom_margin=\u00a0\u00bb14px||||false|false\u00a0\u00bb hover_enabled=\u00a0\u00bb0&Prime; global_colors_info=\u00a0\u00bb{}\u00a0\u00bb sticky_enabled=\u00a0\u00bb0&Prime;][\/et_pb_image][et_pb_testimonial company_name=\u00a0\u00bbToyota Auxerre\u00a0\u00bb portrait_width=\u00a0\u00bb200px\u00a0\u00bb portrait_height=\u00a0\u00bb48px\u00a0\u00bb _builder_version=\u00a0\u00bb4.17.4&Prime; _module_preset=\u00a0\u00bbdefault\u00a0\u00bb company_font=\u00a0\u00bb|700||on|||||\u00a0\u00bb background_color=\u00a0\u00bb#f9f9f9&Prime; border_radii_portrait=\u00a0\u00bbon|0px|0px|0px|0px\u00a0\u00bb global_colors_info=\u00a0\u00bb{}\u00a0\u00bb]<\/p>\n<p>\u2026 nous n\u2019oublierons jamais ce moment magique passer ensemble. Merci \u00e0 toi Christian et \u00e0 toute ton \u00e9quipe !<\/p>\n<p>[\/et_pb_testimonial][\/et_pb_column][\/et_pb_row][et_pb_row column_structure=\u00a0\u00bb1_3,1_3,1_3&Prime; _builder_version=\u00a0\u00bb4.17.4&Prime; _module_preset=\u00a0\u00bbdefault\u00a0\u00bb width=\u00a0\u00bb70%\u00a0\u00bb max_width=\u00a0\u00bb100%\u00a0\u00bb global_colors_info=\u00a0\u00bb{}\u00a0\u00bb][et_pb_column type=\u00a0\u00bb1_3&Prime; _builder_version=\u00a0\u00bb4.17.4&Prime; _module_preset=\u00a0\u00bbdefault\u00a0\u00bb global_colors_info=\u00a0\u00bb{}\u00a0\u00bb][et_pb_image src=\u00a0\u00bbhttps:\/\/rallumerlefeu.com\/wp-content\/uploads\/2022\/10\/nostalgie-1.png\u00a0\u00bb title_text=\u00a0\u00bbnostalgie\u00a0\u00bb url=\u00a0\u00bbhttps:\/\/www.nostalgie.fr\/\u00a0\u00bb _builder_version=\u00a0\u00bb4.18.0&Prime; _module_preset=\u00a0\u00bbdefault\u00a0\u00bb width=\u00a0\u00bb100%\u00a0\u00bb max_width=\u00a0\u00bb60%\u00a0\u00bb module_alignment=\u00a0\u00bbcenter\u00a0\u00bb hover_enabled=\u00a0\u00bb0&Prime; global_colors_info=\u00a0\u00bb{}\u00a0\u00bb sticky_enabled=\u00a0\u00bb0&Prime;][\/et_pb_image][et_pb_testimonial company_name=\u00a0\u00bbRadio Nostalgie\u00a0\u00bb portrait_width=\u00a0\u00bb200px\u00a0\u00bb portrait_height=\u00a0\u00bb48px\u00a0\u00bb _builder_version=\u00a0\u00bb4.17.4&Prime; _module_preset=\u00a0\u00bbdefault\u00a0\u00bb company_font=\u00a0\u00bb|700||on|||||\u00a0\u00bb background_color=\u00a0\u00bb#f9f9f9&Prime; border_radii_portrait=\u00a0\u00bbon|0px|0px|0px|0px\u00a0\u00bb global_colors_info=\u00a0\u00bb{}\u00a0\u00bb]<\/p>\n<p>(S\u00e9bastien journaliste \u00e0 Radio NOSTALGIE Avignon, interview du Mardi 7 Avril en r\u00e9p\u00e9tition). Pass\u00e9 les 30 premi\u00e8res secondes, o\u00f9 l\u2019on peut tout imagin\u00e9, on tombe vite dans la certitude que ce groupe n\u2019est pas n\u2019importe quoi, si vous aimez vraiment Johnny, vous aimerez Christian et son groupe, ouahhh\u2026 \u00e7a le fait vraiment ! (Venu pour 20 mn d\u2019interview, j\u2019y suis rest\u00e9 4 h, toute la r\u00e9p\u00e9tition !)<\/p>\n<p>[\/et_pb_testimonial][\/et_pb_column][et_pb_column type=\u00a0\u00bb1_3&Prime; _builder_version=\u00a0\u00bb4.17.4&Prime; _module_preset=\u00a0\u00bbdefault\u00a0\u00bb global_colors_info=\u00a0\u00bb{}\u00a0\u00bb][et_pb_image src=\u00a0\u00bbhttps:\/\/rallumerlefeu.com\/wp-content\/uploads\/2022\/10\/vaucluse-matin-1.png\u00a0\u00bb title_text=\u00a0\u00bbvaucluse-matin\u00a0\u00bb url=\u00a0\u00bbhttps:\/\/www.ledauphine.com\/vaucluse\u00a0\u00bb align_tablet=\u00a0\u00bbcenter\u00a0\u00bb align_phone=\u00a0\u00bbcenter\u00a0\u00bb align_last_edited=\u00a0\u00bbon|tablet\u00a0\u00bb _builder_version=\u00a0\u00bb4.18.0&Prime; _module_preset=\u00a0\u00bbdefault\u00a0\u00bb hover_enabled=\u00a0\u00bb0&Prime; global_colors_info=\u00a0\u00bb{}\u00a0\u00bb align=\u00a0\u00bbcenter\u00a0\u00bb sticky_enabled=\u00a0\u00bb0&Prime;][\/et_pb_image][et_pb_testimonial company_name=\u00a0\u00bbVaucluse matin\u00a0\u00bb portrait_width=\u00a0\u00bb200px\u00a0\u00bb portrait_height=\u00a0\u00bb48px\u00a0\u00bb _builder_version=\u00a0\u00bb4.17.4&Prime; _module_preset=\u00a0\u00bbdefault\u00a0\u00bb company_font=\u00a0\u00bb|700||on|||||\u00a0\u00bb background_color=\u00a0\u00bb#f9f9f9&Prime; border_radii_portrait=\u00a0\u00bbon|0px|0px|0px|0px\u00a0\u00bb global_colors_info=\u00a0\u00bb{}\u00a0\u00bb]<\/p>\n<p>Ville de Monteux 2012, du Johnny \u00e0 l\u2019\u00e9tat pur \u00e0 la f\u00eate votive de Monteux !!<\/p>\n<p>[\/et_pb_testimonial][\/et_pb_column][et_pb_column type=\u00a0\u00bb1_3&Prime; _builder_version=\u00a0\u00bb4.17.4&Prime; _module_preset=\u00a0\u00bbdefault\u00a0\u00bb global_colors_info=\u00a0\u00bb{}\u00a0\u00bb][et_pb_image src=\u00a0\u00bbhttps:\/\/rallumerlefeu.com\/wp-content\/uploads\/2022\/10\/vaucluse-matin-1.png\u00a0\u00bb title_text=\u00a0\u00bbvaucluse-matin\u00a0\u00bb url=\u00a0\u00bbhttps:\/\/www.ledauphine.com\/vaucluse\u00a0\u00bb align=\u00a0\u00bbcenter\u00a0\u00bb admin_label=\u00a0\u00bbImage\u00a0\u00bb _builder_version=\u00a0\u00bb4.18.0&Prime; _module_preset=\u00a0\u00bbdefault\u00a0\u00bb hover_enabled=\u00a0\u00bb0&Prime; global_colors_info=\u00a0\u00bb{}\u00a0\u00bb sticky_enabled=\u00a0\u00bb0&Prime;][\/et_pb_image][et_pb_testimonial company_name=\u00a0\u00bbVaucluse matin\u00a0\u00bb portrait_width=\u00a0\u00bb200px\u00a0\u00bb portrait_height=\u00a0\u00bb48px\u00a0\u00bb _builder_version=\u00a0\u00bb4.17.4&Prime; _module_preset=\u00a0\u00bbdefault\u00a0\u00bb company_font=\u00a0\u00bb|700||on|||||\u00a0\u00bb background_color=\u00a0\u00bb#f9f9f9&Prime; border_radii_portrait=\u00a0\u00bbon|0px|0px|0px|0px\u00a0\u00bb global_colors_info=\u00a0\u00bb{}\u00a0\u00bb]<\/p>\n<p>(Reportage Claude Albert &#8211; Parc Gauthier Isle sur Sorgue 2015) \u2026 des tonnes de mat\u00e9riel, des effets sp\u00e9ciaux, une mise en sc\u00e8ne impressionnante, des musiciens au top et Christian DESSINSA un leader criant de v\u00e9rit\u00e9.<\/p>\n<p>[\/et_pb_testimonial][\/et_pb_column][\/et_pb_row][\/et_pb_section]<\/p>\n","protected":false},"excerpt":{"rendered":"<p>apparitionspresse Rallumer le feu &nbsp;Ils parlent de nousFoire de Marseille Parc Chanot 2021 6000 spectateurs pour une soir\u00e9e de gala inoubliable75 ans de la ville de PLAN DE CUQUES 13 &#8211; Le public f\u00fbt surpris de l\u2019extr\u00eame qualit\u00e9 de la prestation de ce groupe, \u00e0 refaire.AVRIL 2014 \/ Un Johnny plus vrai que nature, incarn\u00e9 [&hellip;]<\/p>\n","protected":false},"author":3,"featured_media":0,"parent":0,"menu_order":0,"comment_status":"closed","ping_status":"closed","template":"","meta":{"_et_pb_use_builder":"on","_et_pb_old_content":"","_et_gb_content_width":"","footnotes":""},"class_list":["post-59","page","type-page","status-publish","hentry"],"yoast_head":"<!-- This site is optimized with the Yoast SEO plugin v19.12 - https:\/\/yoast.com\/wordpress\/plugins\/seo\/ -->\n<title>Presse - Rallumer le feu<\/title>\n<meta name=\"robots\" content=\"index, follow, max-snippet:-1, max-image-preview:large, max-video-preview:-1\" \/>\n<link rel=\"canonical\" href=\"https:\/\/rallumerlefeu.com\/?page_id=59\" \/>\n<meta property=\"og:locale\" content=\"fr_FR\" \/>\n<meta property=\"og:type\" content=\"article\" \/>\n<meta property=\"og:title\" content=\"Presse - Rallumer le feu\" \/>\n<meta property=\"og:description\" content=\"apparitionspresse Rallumer le feu &nbsp;Ils parlent de nousFoire de Marseille Parc Chanot 2021 6000 spectateurs pour une soir\u00e9e de gala inoubliable75 ans de la ville de PLAN DE CUQUES 13 - Le public f\u00fbt surpris de l\u2019extr\u00eame qualit\u00e9 de la prestation de ce groupe, \u00e0 refaire.AVRIL 2014 \/ Un Johnny plus vrai que nature, incarn\u00e9 [&hellip;]\" \/>\n<meta property=\"og:url\" content=\"https:\/\/rallumerlefeu.com\/?page_id=59\" \/>\n<meta property=\"og:site_name\" content=\"Rallumer le feu\" \/>\n<meta property=\"article:publisher\" content=\"https:\/\/www.facebook.com\/christian.chris.526438\" \/>\n<meta property=\"article:modified_time\" content=\"2022-10-14T07:55:05+00:00\" \/>\n<meta name=\"twitter:card\" content=\"summary_large_image\" \/>\n<script type=\"application\/ld+json\" class=\"yoast-schema-graph\">{\"@context\":\"https:\/\/schema.org\",\"@graph\":[{\"@type\":\"WebPage\",\"@id\":\"https:\/\/rallumerlefeu.com\/?page_id=59\",\"url\":\"https:\/\/rallumerlefeu.com\/?page_id=59\",\"name\":\"Presse - Rallumer le feu\",\"isPartOf\":{\"@id\":\"https:\/\/rallumerlefeu.com\/#website\"},\"datePublished\":\"2022-06-01T14:17:23+00:00\",\"dateModified\":\"2022-10-14T07:55:05+00:00\",\"breadcrumb\":{\"@id\":\"https:\/\/rallumerlefeu.com\/?page_id=59#breadcrumb\"},\"inLanguage\":\"fr-FR\",\"potentialAction\":[{\"@type\":\"ReadAction\",\"target\":[\"https:\/\/rallumerlefeu.com\/?page_id=59\"]}]},{\"@type\":\"BreadcrumbList\",\"@id\":\"https:\/\/rallumerlefeu.com\/?page_id=59#breadcrumb\",\"itemListElement\":[{\"@type\":\"ListItem\",\"position\":1,\"name\":\"Accueil\",\"item\":\"https:\/\/rallumerlefeu.com\/\"},{\"@type\":\"ListItem\",\"position\":2,\"name\":\"Presse\"}]},{\"@type\":\"WebSite\",\"@id\":\"https:\/\/rallumerlefeu.com\/#website\",\"url\":\"https:\/\/rallumerlefeu.com\/\",\"name\":\"Rallumer le feu\",\"description\":\"Un hommage hors norme \u00e0 un artiste hors norme !!!\",\"publisher\":{\"@id\":\"https:\/\/rallumerlefeu.com\/#organization\"},\"potentialAction\":[{\"@type\":\"SearchAction\",\"target\":{\"@type\":\"EntryPoint\",\"urlTemplate\":\"https:\/\/rallumerlefeu.com\/?s={search_term_string}\"},\"query-input\":\"required name=search_term_string\"}],\"inLanguage\":\"fr-FR\"},{\"@type\":\"Organization\",\"@id\":\"https:\/\/rallumerlefeu.com\/#organization\",\"name\":\"Rallumer le feu\",\"url\":\"https:\/\/rallumerlefeu.com\/\",\"logo\":{\"@type\":\"ImageObject\",\"inLanguage\":\"fr-FR\",\"@id\":\"https:\/\/rallumerlefeu.com\/#\/schema\/logo\/image\/\",\"url\":\"https:\/\/rallumerlefeu.com\/wp-content\/uploads\/2022\/06\/logo-transparent.png\",\"contentUrl\":\"https:\/\/rallumerlefeu.com\/wp-content\/uploads\/2022\/06\/logo-transparent.png\",\"width\":500,\"height\":198,\"caption\":\"Rallumer le feu\"},\"image\":{\"@id\":\"https:\/\/rallumerlefeu.com\/#\/schema\/logo\/image\/\"},\"sameAs\":[\"https:\/\/www.facebook.com\/christian.chris.526438\"]}]}<\/script>\n<!-- \/ Yoast SEO plugin. -->","yoast_head_json":{"title":"Presse - Rallumer le feu","robots":{"index":"index","follow":"follow","max-snippet":"max-snippet:-1","max-image-preview":"max-image-preview:large","max-video-preview":"max-video-preview:-1"},"canonical":"https:\/\/rallumerlefeu.com\/?page_id=59","og_locale":"fr_FR","og_type":"article","og_title":"Presse - Rallumer le feu","og_description":"apparitionspresse Rallumer le feu &nbsp;Ils parlent de nousFoire de Marseille Parc Chanot 2021 6000 spectateurs pour une soir\u00e9e de gala inoubliable75 ans de la ville de PLAN DE CUQUES 13 - Le public f\u00fbt surpris de l\u2019extr\u00eame qualit\u00e9 de la prestation de ce groupe, \u00e0 refaire.AVRIL 2014 \/ Un Johnny plus vrai que nature, incarn\u00e9 [&hellip;]","og_url":"https:\/\/rallumerlefeu.com\/?page_id=59","og_site_name":"Rallumer le feu","article_publisher":"https:\/\/www.facebook.com\/christian.chris.526438","article_modified_time":"2022-10-14T07:55:05+00:00","twitter_card":"summary_large_image","schema":{"@context":"https:\/\/schema.org","@graph":[{"@type":"WebPage","@id":"https:\/\/rallumerlefeu.com\/?page_id=59","url":"https:\/\/rallumerlefeu.com\/?page_id=59","name":"Presse - Rallumer le feu","isPartOf":{"@id":"https:\/\/rallumerlefeu.com\/#website"},"datePublished":"2022-06-01T14:17:23+00:00","dateModified":"2022-10-14T07:55:05+00:00","breadcrumb":{"@id":"https:\/\/rallumerlefeu.com\/?page_id=59#breadcrumb"},"inLanguage":"fr-FR","potentialAction":[{"@type":"ReadAction","target":["https:\/\/rallumerlefeu.com\/?page_id=59"]}]},{"@type":"BreadcrumbList","@id":"https:\/\/rallumerlefeu.com\/?page_id=59#breadcrumb","itemListElement":[{"@type":"ListItem","position":1,"name":"Accueil","item":"https:\/\/rallumerlefeu.com\/"},{"@type":"ListItem","position":2,"name":"Presse"}]},{"@type":"WebSite","@id":"https:\/\/rallumerlefeu.com\/#website","url":"https:\/\/rallumerlefeu.com\/","name":"Rallumer le feu","description":"Un hommage hors norme \u00e0 un artiste hors norme !!!","publisher":{"@id":"https:\/\/rallumerlefeu.com\/#organization"},"potentialAction":[{"@type":"SearchAction","target":{"@type":"EntryPoint","urlTemplate":"https:\/\/rallumerlefeu.com\/?s={search_term_string}"},"query-input":"required name=search_term_string"}],"inLanguage":"fr-FR"},{"@type":"Organization","@id":"https:\/\/rallumerlefeu.com\/#organization","name":"Rallumer le feu","url":"https:\/\/rallumerlefeu.com\/","logo":{"@type":"ImageObject","inLanguage":"fr-FR","@id":"https:\/\/rallumerlefeu.com\/#\/schema\/logo\/image\/","url":"https:\/\/rallumerlefeu.com\/wp-content\/uploads\/2022\/06\/logo-transparent.png","contentUrl":"https:\/\/rallumerlefeu.com\/wp-content\/uploads\/2022\/06\/logo-transparent.png","width":500,"height":198,"caption":"Rallumer le feu"},"image":{"@id":"https:\/\/rallumerlefeu.com\/#\/schema\/logo\/image\/"},"sameAs":["https:\/\/www.facebook.com\/christian.chris.526438"]}]}},"_links":{"self":[{"href":"https:\/\/rallumerlefeu.com\/index.php?rest_route=\/wp\/v2\/pages\/59","targetHints":{"allow":["GET"]}}],"collection":[{"href":"https:\/\/rallumerlefeu.com\/index.php?rest_route=\/wp\/v2\/pages"}],"about":[{"href":"https:\/\/rallumerlefeu.com\/index.php?rest_route=\/wp\/v2\/types\/page"}],"author":[{"embeddable":true,"href":"https:\/\/rallumerlefeu.com\/index.php?rest_route=\/wp\/v2\/users\/3"}],"replies":[{"embeddable":true,"href":"https:\/\/rallumerlefeu.com\/index.php?rest_route=%2Fwp%2Fv2%2Fcomments&post=59"}],"version-history":[{"count":11,"href":"https:\/\/rallumerlefeu.com\/index.php?rest_route=\/wp\/v2\/pages\/59\/revisions"}],"predecessor-version":[{"id":1289,"href":"https:\/\/rallumerlefeu.com\/index.php?rest_route=\/wp\/v2\/pages\/59\/revisions\/1289"}],"wp:attachment":[{"href":"https:\/\/rallumerlefeu.com\/index.php?rest_route=%2Fwp%2Fv2%2Fmedia&parent=59"}],"curies":[{"name":"wp","href":"https:\/\/api.w.org\/{rel}","templated":true}]}}